{"id":1686,"date":"2020-12-07T11:41:42","date_gmt":"2020-12-07T11:41:42","guid":{"rendered":"https:\/\/terraixufa.com\/que-diuen-sobre-nosaltres\/"},"modified":"2020-12-30T11:58:23","modified_gmt":"2020-12-30T11:58:23","slug":"que-diuen-sobre-nosaltres","status":"publish","type":"page","link":"https:\/\/terraixufa.com\/ca\/que-diuen-sobre-nosaltres\/","title":{"rendered":"Qu\u00e8 diuen sobre nosaltres?"},"content":{"rendered":"<div class=\"wpb-content-wrapper\"><p>[vc_row][vc_column width=&#8221;1\/4&#8243;][vc_single_image image=&#8221;1819&#8243; img_size=&#8221;full&#8221;][\/vc_column][vc_column width=&#8221;3\/4&#8243;][vc_column_text]<\/p>\n<p style=\"text-align: justify;\">06 novembre, 2018<\/p>\n<p style=\"text-align: left;\">Cervesa de xufa i &#8220;no s\u00f3n cl\u00f2txines&#8221;: aix\u00ed va ser la visita de Jordi Roca a Val\u00e8ncia<\/p>\n<p><a href=\"https:\/\/www.bbva.com\/es\/cerveza-chufa-mejillones-asi-fue-visita-jordi-roca-valencia\/\" target=\"_blank\" rel=\"noopener noreferrer\">https:\/\/www.bbva.com<\/a>[\/vc_column_text][vc_separator][\/vc_column][\/vc_row][vc_row][vc_column width=&#8221;1\/4&#8243;][vc_single_image image=&#8221;1812&#8243; img_size=&#8221;full&#8221;][\/vc_column][vc_column width=&#8221;3\/4&#8243;][vc_column_text]<\/p>\n<p>19 desembre, 2013<\/p>\n<p>La meua generaci\u00f3 \u00e9s la del retorn a l&#8217;agricultura<\/p>\n<p><a href=\"https:\/\/agroicultura.com\/general\/enric-navarro-terra-i-xufa-alboraia-valencia\/\" target=\"_blank\" rel=\"noopener noreferrer\">https:\/\/agroicultura.com<\/a>[\/vc_column_text][vc_separator][\/vc_column][\/vc_row][vc_row][vc_column width=&#8221;1\/4&#8243;][vc_single_image image=&#8221;1981&#8243; img_size=&#8221;full&#8221;][\/vc_column][vc_column width=&#8221;3\/4&#8243;][vc_column_text]<\/p>\n<p>El proyecto emprendedor Terra i Xufa, premiado en el I Encuentro Antiguos Alumnos CCE<\/p>\n<p><a href=\"http:\/\/www.adeituv.es\/noticia-terraixufa-premiado-encuentro-alumni-cce-en-adeite\/\" target=\"_blank\" rel=\"noopener noreferrer\">http:\/\/www.adeituv.es<\/a>[\/vc_column_text][vc_separator][\/vc_column][\/vc_row][vc_row][vc_column width=&#8221;1\/4&#8243;][vc_single_image image=&#8221;1990&#8243; img_size=&#8221;full&#8221;][\/vc_column][vc_column width=&#8221;3\/4&#8243;][vc_column_text]12 febrero 2019<\/p>\n<p>La xufa i l&#8217;orxata triomfen a Europa<\/p>\n<p><a href=\"https:\/\/www.gastronomyvalencia.com\/noticias\/la-chufa-y-la-horchata-triunfan-en-europa.html\" target=\"_blank\" rel=\"noopener noreferrer\">https:\/\/www.gastronomyvalencia.com<\/a>[\/vc_column_text][vc_separator][\/vc_column][\/vc_row][vc_row][vc_column width=&#8221;1\/4&#8243;][vc_single_image image=&#8221;1995&#8243; img_size=&#8221;full&#8221;][\/vc_column][vc_column width=&#8221;3\/4&#8243;][vc_column_text]30 enero 2017<\/p>\n<p class=\"c-h1\">ENRIC NAVARRO: \u201cL&#8217;AGRICULTURA ECO EST\u00c0 LLUNY DEL SEU SOSTRE A VAL\u00c8NCIA\u201d<\/p>\n<p><a href=\"https:\/\/agroicultura.com\/general\/enric-navarro-la-agricultura-eco-esta-lejos-de-su-techo-en-valencia\/\" target=\"_blank\" rel=\"noopener noreferrer\">https:\/\/agroicultura.com<\/a>[\/vc_column_text][vc_separator][\/vc_column][\/vc_row][vc_row][vc_column width=&#8221;1\/4&#8243;][vc_single_image image=&#8221;1999&#8243; img_size=&#8221;full&#8221;][\/vc_column][vc_column width=&#8221;3\/4&#8243;][vc_column_text]12 octubre 2014<\/p>\n<p id=\"articulo-titulo\" class=\"articulo-titulo \">Verdura limpia en la ciudad<\/p>\n<p><a href=\"https:\/\/elpais.com\/ccaa\/2014\/09\/22\/valencia\/1411407352_894062.html\" target=\"_blank\" rel=\"noopener noreferrer\">https:\/\/elpais.com<\/a>[\/vc_column_text][vc_separator][\/vc_column][\/vc_row][vc_row][vc_column width=&#8221;1\/4&#8243;][vc_single_image image=&#8221;2003&#8243; img_size=&#8221;full&#8221;][\/vc_column][vc_column width=&#8221;3\/4&#8243;][vc_column_text]<em>La cervesa de Xufa de Val\u00e8ncia conquista el mercat alemany<\/em><\/p>\n<p><a href=\"http:\/\/innovacioncerveza.blogspot.com\/p\/innovacion.html\" target=\"_blank\" rel=\"noopener noreferrer\">http:\/\/innovacioncerveza.blogspot.com<\/a>[\/vc_column_text][vc_separator][\/vc_column][\/vc_row][vc_row][vc_column width=&#8221;1\/4&#8243;][vc_single_image image=&#8221;2003&#8243; img_size=&#8221;full&#8221;][\/vc_column][vc_column width=&#8221;3\/4&#8243;][vc_column_text]18 octubre 2011<\/p>\n<p>Els empresaris de la xufa demanen un canvi legislatiu que afavorisca la seua comercialitzaci\u00f3<\/p>\n<p><a href=\"http:\/\/epoca1.valenciaplaza.com\/ver\/37315\/los-empresarios-de-la-chufa-piden-un-cambio-legislativo-que-favorezca-su-comercializacion.html\" target=\"_blank\" rel=\"noopener noreferrer\">http:\/\/epoca1.valenciaplaza.com<\/a>[\/vc_column_text][vc_separator][\/vc_column][\/vc_row][vc_row][vc_column width=&#8221;1\/4&#8243;][vc_single_image image=&#8221;2007&#8243; img_size=&#8221;full&#8221;][\/vc_column][vc_column width=&#8221;3\/4&#8243;][vc_column_text]25 junio 2018<\/p>\n<p>Revolucionari cultiu de xufes amb reg a degoteig<\/p>\n<p><a href=\"https:\/\/www.lasprovincias.es\/economia\/revolucionario-cultivo-chufas-20180625000858-ntvo.html\" target=\"_blank\" rel=\"noopener noreferrer\">https:\/\/www.lasprovincias.es<\/a>[\/vc_column_text][vc_separator][\/vc_column][\/vc_row][vc_row][vc_column width=&#8221;1\/4&#8243;][vc_single_image image=&#8221;2012&#8243; img_size=&#8221;full&#8221;][\/vc_column][vc_column width=&#8221;3\/4&#8243;][vc_column_text]10 decembre 2016<\/p>\n<p class=\"entry-title\">Enric Navarro_Terra i Xufa<\/p>\n<p><a href=\"https:\/\/nugantcordes.com\/2016\/12\/10\/enric-navarro_terra-i-xufa\/\" target=\"_blank\" rel=\"noopener noreferrer\">https:\/\/nugantcordes.com<\/a>[\/vc_column_text][vc_separator][\/vc_column][\/vc_row][vc_row][vc_column width=&#8221;1\/4&#8243;][vc_single_image image=&#8221;2016&#8243; img_size=&#8221;full&#8221;][\/vc_column][vc_column width=&#8221;3\/4&#8243;][vc_column_text]12 febrer 2016<\/p>\n<p>DESTACADA PRES\u00c8NCIA DE LA XUFA I ORXATA DE VAL\u00c8NCIA EN LA FIRA <strong>FRUIT LOG\u00cdSTICA BERL\u00cdN<\/strong><\/p>\n<p><a href=\"https:\/\/www.valenciaworld.com\/gastronomia\/destacada-presencia-de-la-chufa-y-horchata-de-valencia-en-la-feria-fruit-logistica-berlin.html\" target=\"_blank\" rel=\"noopener noreferrer\">https:\/\/www.valenciaworld.com<\/a>[\/vc_column_text][vc_separator][\/vc_column][\/vc_row][vc_row][vc_column width=&#8221;1\/4&#8243;][vc_single_image image=&#8221;2012&#8243; img_size=&#8221;full&#8221;][\/vc_column][vc_column width=&#8221;3\/4&#8243;][vc_column_text]10 decembre 2016<\/p>\n<p class=\"entry-title\">Enric Navarro_Terra i Xufa<\/p>\n<p><a href=\"https:\/\/nugantcordes.com\/2016\/12\/10\/enric-navarro_terra-i-xufa\/\" target=\"_blank\" rel=\"noopener noreferrer\">https:\/\/nugantcordes.com<\/a>[\/vc_column_text][vc_separator][\/vc_column][\/vc_row][vc_row][vc_column width=&#8221;1\/4&#8243;][\/vc_column][vc_column width=&#8221;1\/2&#8243;][vc_column_text]<\/p>\n<p><span class=\"image-placeholder video\" style=\"padding-bottom:56.25000000%\"><video controls class=\"video-js-el vjs-default-skin vjs-minimal-skin\" width=\"560\" height=\"315\" data-vsetup=\"{&quot;techOrder&quot;:[&quot;youtube&quot;],&quot;sources&quot;:[{&quot;type&quot;:&quot;video\\\/youtube&quot;,&quot;src&quot;:&quot;https:\\\/\\\/youtu.be\\\/ZAUCmXf9TUg&quot;}],&quot;youtube&quot;:{&quot;iv_load_policy&quot;:1,&quot;ytControls&quot;:3,&quot;customVars&quot;:{&quot;wmode&quot;:&quot;transparent&quot;,&quot;controls&quot;:0},&quot;enablePrivacyEnhancedMode&quot;:&quot;true&quot;}}\" preload=\"auto\" playsinline=\"playsinline\"><\/video><\/span><\/p>\n<p>&nbsp;<\/p>\n<p><span class=\"image-placeholder video\" style=\"padding-bottom:56.25000000%\"><video controls class=\"video-js-el vjs-default-skin vjs-minimal-skin\" width=\"560\" height=\"315\" data-vsetup=\"{&quot;techOrder&quot;:[&quot;youtube&quot;],&quot;sources&quot;:[{&quot;type&quot;:&quot;video\\\/youtube&quot;,&quot;src&quot;:&quot;https:\\\/\\\/youtu.be\\\/eHfwVA7voJc&quot;}],&quot;youtube&quot;:{&quot;iv_load_policy&quot;:1,&quot;ytControls&quot;:3,&quot;customVars&quot;:{&quot;wmode&quot;:&quot;transparent&quot;,&quot;controls&quot;:0},&quot;enablePrivacyEnhancedMode&quot;:&quot;true&quot;}}\" preload=\"auto\" playsinline=\"playsinline\"><\/video><\/span><\/p>\n<p>&nbsp;<\/p>\n<p>https:\/\/youtu.be\/Nz4x_d-WBpc[\/vc_column_text][\/vc_column][vc_column width=&#8221;1\/4&#8243;][\/vc_column][\/vc_row]<\/p>\n<\/div>","protected":false},"excerpt":{"rendered":"<p>[vc_row][vc_column width=&#8221;1\/4&#8243;][vc_single_image image=&#8221;1819&#8243; img_size=&#8221;full&#8221;][\/vc_column][vc_column width=&#8221;3\/4&#8243;][vc_column_text] 06 novembre, 2018 Cervesa de xufa i &#8220;no s\u00f3n cl\u00f2txines&#8221;: aix\u00ed va ser la visita de Jordi Roca a Val\u00e8ncia https:\/\/www.bbva.com[\/vc_column_text][vc_separator][\/vc_column][\/vc_row][vc_row][vc_column width=&#8221;1\/4&#8243;][vc_single_image image=&#8221;1812&#8243; img_size=&#8221;full&#8221;][\/vc_column][vc_column width=&#8221;3\/4&#8243;][vc_column_text] 19 desembre, 2013 La meua generaci\u00f3 \u00e9s la del retorn a l&#8217;agricultura https:\/\/agroicultura.com[\/vc_column_text][vc_separator][\/vc_column][\/vc_row][vc_row][vc_column width=&#8221;1\/4&#8243;][vc_single_image image=&#8221;1981&#8243; img_size=&#8221;full&#8221;][\/vc_column][vc_column width=&#8221;3\/4&#8243;][vc_column_text] El proyecto emprendedor Terra i Xufa, premiado en&hellip;<\/p>\n","protected":false},"author":3,"featured_media":0,"parent":0,"menu_order":0,"comment_status":"closed","ping_status":"closed","template":"","meta":{"_acf_changed":false,"footnotes":""},"class_list":["post-1686","page","type-page","status-publish","hentry"],"acf":[],"yoast_head":"<!-- This site is optimized with the Yoast SEO plugin v27.5 - https:\/\/yoast.com\/product\/yoast-seo-wordpress\/ -->\n<title>Qu\u00e8 diuen sobre nosaltres? - terraixufa - articles i v\u00eddeos<\/title>\n<meta name=\"description\" content=\"Articles, v\u00eddeos, que parlen sobre el projecte ecol\u00f2gic i sostenible de Terra i Xufa. Especialment sobre els productes derivats de la xufa.\" \/>\n<meta name=\"robots\" content=\"index, follow, max-snippet:-1, max-image-preview:large, max-video-preview:-1\" \/>\n<link rel=\"canonical\" href=\"https:\/\/terraixufa.com\/ca\/que-diuen-sobre-nosaltres\/\" \/>\n<meta property=\"og:locale\" content=\"en_US\" \/>\n<meta property=\"og:type\" content=\"article\" \/>\n<meta property=\"og:title\" content=\"Qu\u00e8 diuen sobre nosaltres? - terraixufa - articles i v\u00eddeos\" \/>\n<meta property=\"og:description\" content=\"Articles, v\u00eddeos, que parlen sobre el projecte ecol\u00f2gic i sostenible de Terra i Xufa. Especialment sobre els productes derivats de la xufa.\" \/>\n<meta property=\"og:url\" content=\"https:\/\/terraixufa.com\/ca\/que-diuen-sobre-nosaltres\/\" \/>\n<meta property=\"og:site_name\" content=\"terraixufa\" \/>\n<meta property=\"article:modified_time\" content=\"2020-12-30T11:58:23+00:00\" \/>\n<meta name=\"twitter:card\" content=\"summary_large_image\" \/>\n<meta name=\"twitter:label1\" content=\"Est. reading time\" \/>\n\t<meta name=\"twitter:data1\" content=\"3 minutes\" \/>\n<script type=\"application\/ld+json\" class=\"yoast-schema-graph\">{\"@context\":\"https:\\\/\\\/schema.org\",\"@graph\":[{\"@type\":\"WebPage\",\"@id\":\"https:\\\/\\\/terraixufa.com\\\/ca\\\/que-diuen-sobre-nosaltres\\\/\",\"url\":\"https:\\\/\\\/terraixufa.com\\\/ca\\\/que-diuen-sobre-nosaltres\\\/\",\"name\":\"Qu\u00e8 diuen sobre nosaltres? - terraixufa - articles i v\u00eddeos\",\"isPartOf\":{\"@id\":\"https:\\\/\\\/terraixufa.com\\\/ca\\\/#website\"},\"datePublished\":\"2020-12-07T11:41:42+00:00\",\"dateModified\":\"2020-12-30T11:58:23+00:00\",\"description\":\"Articles, v\u00eddeos, que parlen sobre el projecte ecol\u00f2gic i sostenible de Terra i Xufa. Especialment sobre els productes derivats de la xufa.\",\"breadcrumb\":{\"@id\":\"https:\\\/\\\/terraixufa.com\\\/ca\\\/que-diuen-sobre-nosaltres\\\/#breadcrumb\"},\"inLanguage\":\"val\",\"potentialAction\":[{\"@type\":\"ReadAction\",\"target\":[\"https:\\\/\\\/terraixufa.com\\\/ca\\\/que-diuen-sobre-nosaltres\\\/\"]}]},{\"@type\":\"BreadcrumbList\",\"@id\":\"https:\\\/\\\/terraixufa.com\\\/ca\\\/que-diuen-sobre-nosaltres\\\/#breadcrumb\",\"itemListElement\":[{\"@type\":\"ListItem\",\"position\":1,\"name\":\"Portada\",\"item\":\"https:\\\/\\\/terraixufa.com\\\/ca\\\/\"},{\"@type\":\"ListItem\",\"position\":2,\"name\":\"Qu\u00e8 diuen sobre nosaltres?\"}]},{\"@type\":\"WebSite\",\"@id\":\"https:\\\/\\\/terraixufa.com\\\/ca\\\/#website\",\"url\":\"https:\\\/\\\/terraixufa.com\\\/ca\\\/\",\"name\":\"terraixufa\",\"description\":\"Productes locals i de temporada\",\"potentialAction\":[{\"@type\":\"SearchAction\",\"target\":{\"@type\":\"EntryPoint\",\"urlTemplate\":\"https:\\\/\\\/terraixufa.com\\\/ca\\\/?s={search_term_string}\"},\"query-input\":{\"@type\":\"PropertyValueSpecification\",\"valueRequired\":true,\"valueName\":\"search_term_string\"}}],\"inLanguage\":\"val\"}]}<\/script>\n<!-- \/ Yoast SEO plugin. -->","yoast_head_json":{"title":"Qu\u00e8 diuen sobre nosaltres? - terraixufa - articles i v\u00eddeos","description":"Articles, v\u00eddeos, que parlen sobre el projecte ecol\u00f2gic i sostenible de Terra i Xufa. Especialment sobre els productes derivats de la xufa.","robots":{"index":"index","follow":"follow","max-snippet":"max-snippet:-1","max-image-preview":"max-image-preview:large","max-video-preview":"max-video-preview:-1"},"canonical":"https:\/\/terraixufa.com\/ca\/que-diuen-sobre-nosaltres\/","og_locale":"en_US","og_type":"article","og_title":"Qu\u00e8 diuen sobre nosaltres? - terraixufa - articles i v\u00eddeos","og_description":"Articles, v\u00eddeos, que parlen sobre el projecte ecol\u00f2gic i sostenible de Terra i Xufa. Especialment sobre els productes derivats de la xufa.","og_url":"https:\/\/terraixufa.com\/ca\/que-diuen-sobre-nosaltres\/","og_site_name":"terraixufa","article_modified_time":"2020-12-30T11:58:23+00:00","twitter_card":"summary_large_image","twitter_misc":{"Est. reading time":"3 minutes"},"schema":{"@context":"https:\/\/schema.org","@graph":[{"@type":"WebPage","@id":"https:\/\/terraixufa.com\/ca\/que-diuen-sobre-nosaltres\/","url":"https:\/\/terraixufa.com\/ca\/que-diuen-sobre-nosaltres\/","name":"Qu\u00e8 diuen sobre nosaltres? - terraixufa - articles i v\u00eddeos","isPartOf":{"@id":"https:\/\/terraixufa.com\/ca\/#website"},"datePublished":"2020-12-07T11:41:42+00:00","dateModified":"2020-12-30T11:58:23+00:00","description":"Articles, v\u00eddeos, que parlen sobre el projecte ecol\u00f2gic i sostenible de Terra i Xufa. Especialment sobre els productes derivats de la xufa.","breadcrumb":{"@id":"https:\/\/terraixufa.com\/ca\/que-diuen-sobre-nosaltres\/#breadcrumb"},"inLanguage":"val","potentialAction":[{"@type":"ReadAction","target":["https:\/\/terraixufa.com\/ca\/que-diuen-sobre-nosaltres\/"]}]},{"@type":"BreadcrumbList","@id":"https:\/\/terraixufa.com\/ca\/que-diuen-sobre-nosaltres\/#breadcrumb","itemListElement":[{"@type":"ListItem","position":1,"name":"Portada","item":"https:\/\/terraixufa.com\/ca\/"},{"@type":"ListItem","position":2,"name":"Qu\u00e8 diuen sobre nosaltres?"}]},{"@type":"WebSite","@id":"https:\/\/terraixufa.com\/ca\/#website","url":"https:\/\/terraixufa.com\/ca\/","name":"terraixufa","description":"Productes locals i de temporada","potentialAction":[{"@type":"SearchAction","target":{"@type":"EntryPoint","urlTemplate":"https:\/\/terraixufa.com\/ca\/?s={search_term_string}"},"query-input":{"@type":"PropertyValueSpecification","valueRequired":true,"valueName":"search_term_string"}}],"inLanguage":"val"}]}},"_links":{"self":[{"href":"https:\/\/terraixufa.com\/ca\/wp-json\/wp\/v2\/pages\/1686","targetHints":{"allow":["GET"]}}],"collection":[{"href":"https:\/\/terraixufa.com\/ca\/wp-json\/wp\/v2\/pages"}],"about":[{"href":"https:\/\/terraixufa.com\/ca\/wp-json\/wp\/v2\/types\/page"}],"author":[{"embeddable":true,"href":"https:\/\/terraixufa.com\/ca\/wp-json\/wp\/v2\/users\/3"}],"replies":[{"embeddable":true,"href":"https:\/\/terraixufa.com\/ca\/wp-json\/wp\/v2\/comments?post=1686"}],"version-history":[{"count":22,"href":"https:\/\/terraixufa.com\/ca\/wp-json\/wp\/v2\/pages\/1686\/revisions"}],"predecessor-version":[{"id":2392,"href":"https:\/\/terraixufa.com\/ca\/wp-json\/wp\/v2\/pages\/1686\/revisions\/2392"}],"wp:attachment":[{"href":"https:\/\/terraixufa.com\/ca\/wp-json\/wp\/v2\/media?parent=1686"}],"curies":[{"name":"wp","href":"https:\/\/api.w.org\/{rel}","templated":true}]}}